{"id":9247,"date":"2023-10-07T01:32:37","date_gmt":"2023-10-07T01:32:37","guid":{"rendered":"https:\/\/ullgo.com\/?post_type=product&#038;p=9247.html"},"modified":"2025-06-27T02:32:16","modified_gmt":"2025-06-27T02:32:16","slug":"zpetna-kamera-pro-vw-octavia-tiguan-audi-s-dynamickou-trajektorii-parkovani-vodotesna","status":"publish","type":"product","link":"https:\/\/www.ullgo.com\/cz\/product\/reverse-camera-for-vw-octavia-tiguan-audi-with-dynamic-trajectory-parking-waterproof","title":{"rendered":"Zp\u011btn\u00e1 kamera pro VW\/Octavia\/Tiguan\/Audi s dynamickou trajektori\u00ed"},"content":{"rendered":"<div class=\"product-specs-list-container\">\n<p><span style=\"color: #000000; font-family: OpenSans; font-size: 20px; font-weight: 900; white-space-collapse: preserve;\">Couv\u00e1n\u00ed kamera pro VW\/Octavia\/Tiguan\/Audi s dynamick\u00fdmi trajektoriemi parkov\u00e1n\u00ed, vodot\u011bsn\u00e1<\/span><\/p>\n<\/div>\n<div class=\"detailmodule_text-image\">\n<p class=\"detail-desc-decorate-content\" style=\"font-family: OpenSans; font-size: 14px; font-weight: 300; line-height: 20px; white-space: pre-wrap; color: #000000; margin-bottom: 12px;\">&gt;&gt;&gt;Jedn\u00e1 se o \u0161pi\u010dkov\u00fd produkt navr\u017een\u00fd pro syst\u00e9my Volkswagen, \u0160koda a Audi postaven\u00e9 na platform\u011b MQB (nov\u00fd model) nebo PQ (star\u00fd model) od roku 2016.<br \/>\n(Upozor\u0148ujeme, \u017ee funguje s origin\u00e1ln\u00edm displejem vozidla, nikoli s \u017e\u00e1dn\u00fdm aftermarketov\u00fdm autor\u00e1diem.)<\/p>\n<p>&gt;&gt;&gt;Pokud jde o jeho v\u00fdhody, hlavn\u00edm prodejn\u00edm argumentem tohoto produktu je jeho kompatibilita s \u0159adou model\u016f Volkswagen, \u0160koda a Audi.<br \/>\nVestav\u011bn\u00e9 zpo\u017ed\u011bn\u00ed a kompatibilita s CANBUS zaji\u0161\u0165uj\u00ed spolehliv\u00fd v\u00fdkon, zat\u00edmco dostupnost r\u016fzn\u00fdch variant kamer uspokojuje rozmanit\u00e9 pot\u0159eby z\u00e1kazn\u00edk\u016f.<br \/>\nKvalita obrazu produktu nav\u00edc odpov\u00edd\u00e1 origin\u00e1ln\u00edmu monitoru, co\u017e zaji\u0161\u0165uje plynul\u00fd z\u00e1\u017eitek z j\u00edzdy.<\/p>\n<div><img decoding=\"async\" class=\"detail-desc-decorate-image\" src=\"http:\/\/ullgo.com\/wp-content\/uploads\/aliexpress_images\/S85a8523818494d159371715036c9f717A.jpg\" \/><img decoding=\"async\" class=\"detail-desc-decorate-image\" src=\"http:\/\/ullgo.com\/wp-content\/uploads\/aliexpress_images\/S535ba1fa315a43fcb7dc3c0db7b3bd5f0.jpg\" \/><\/div>\n<\/div>\n<div class=\"detailmodule_text\">\n<p class=\"detail-desc-decorate-title\" style=\"font-family: OpenSans; font-size: 20px; font-weight: 900; line-height: 28px; white-space: pre-wrap; color: #000000; margin-bottom: 12px;\">Dal\u0161\u00ed funkce couvac\u00ed kamery pro OEM displej:<\/p>\n<p class=\"detail-desc-decorate-content\" style=\"font-family: OpenSans; font-size: 14px; font-weight: 300; line-height: 20px; white-space: pre-wrap; color: #000000; margin-bottom: 12px;\">1. Ve srovn\u00e1n\u00ed s b\u011b\u017en\u00fdmi tov\u00e1rn\u00edmi kamerami nab\u00edz\u00ed ISUDAR levn\u011bj\u0161\u00ed a zaru\u010den\u011b kvalitn\u00ed variantu.<br \/>\n2. Instalace je snadn\u00e1 a nevy\u017eaduje CANBUS ani dek\u00f3dov\u00e1n\u00ed \u2013 sta\u010d\u00ed zapojit a pou\u017e\u00edvat!<br \/>\n3. Perfektn\u011b se hod\u00ed k origin\u00e1ln\u00edmu head unit a nem\u011bn\u00ed vzhled ani funkce vozidla.<br \/>\n4. Zobrazuje dynamick\u00e9 trajektorie na z\u00e1klad\u011b \u00fahlu nato\u010den\u00ed volantu, co\u017e pom\u00e1h\u00e1 \u0159idi\u010d\u016fm upravit trasu couv\u00e1n\u00ed a zvy\u0161uje bezpe\u010dnost a pohodl\u00ed.<br \/>\n5. D\u00edky ryb\u00edmu oku je no\u010dn\u00ed vid\u011bn\u00ed jasn\u00e9 a 170\u00b0 \u0161irok\u00fd \u00fahel poskytuje vynikaj\u00edc\u00ed p\u0159ehled.<br \/>\nObjektiv kamery je standardn\u011b vybaven perspektivou ryb\u00edho oka, kter\u00e1 poskytuje \u0161iroko\u00fahl\u00fd z\u00e1b\u011br.<\/p>\n<\/div>\n<div class=\"detailmodule_text\">\n<p class=\"detail-desc-decorate-title\" style=\"font-family: OpenSans; font-size: 20px; font-weight: 900; line-height: 28px; white-space: pre-wrap; color: #000000; margin-bottom: 12px;\">Pro VW\/AUDI\/\u0160KODA<\/p>\n<p class=\"detail-desc-decorate-content\" style=\"font-family: OpenSans; font-size: 14px; font-weight: 300; line-height: 20px; white-space: pre-wrap; color: #000000; margin-bottom: 12px;\">M\u016f\u017eete zaslat fotografie centr\u00e1ln\u00edho ovl\u00e1d\u00e1n\u00ed a origin\u00e1ln\u00edho <a href=\"https:\/\/www.ullgo.com\/cz\/for-bmw-e39-e53-x5-e60-e61-car-audio-aux-input-cable\/\"  data-wpil-monitor-id=\"102\">nap\u00e1jec\u00edho kabelu autor\u00e1dia<\/a> k na\u0161emu potvrzen\u00ed.<br \/>\nPro Audi A3 2016\u20132019<br \/>\nPro Audi Q7 2017\u20132018<br \/>\nPro Audi A4L 2017\u20132019<br \/>\nPro \u0160koda Superb 2017\u20132018<br \/>\nPro \u0160koda Octavia<br \/>\nPro \u0160koda Octavia Combi<br \/>\nPro Volkswagen Sharan 2017\u20132020<br \/>\nPro Volkswagen Passat 2016\u20132018<br \/>\nPro Volkswagen Sagitar 2016\u20132018<br \/>\nPro Volkswagen C-TRAK 2017\u20132020<br \/>\nPro Volkswagen Lavida Plus 2018\u20132020<br \/>\nPro Volkswagen Lavida 2018\u20132020<br \/>\nPro Volkswagen Touareg 2018\u20132020<br \/>\nPro Volkswagen Tiguan L 2017\u20132019<br \/>\nPro Volkswagen Touran L 2016\u20132017<br \/>\nPro Volkswagen Touran 2018\u20132020<br \/>\nPro Volkswagen Teramont 2017<\/p>\n<p>Pro Audi A5 2017\u20132018<br \/>\nPro Audi Q3 2019<br \/>\nPro Audi Q2L 2017\u20132018<br \/>\nPro Audi Q5L 2017\u20132018<br \/>\nPro \u0160koda Superb 2019<br \/>\nPro \u0160koda Karoq 2017\u20132019<br \/>\nPro \u0160koda Kamiq 2017\u20132019<br \/>\nPro \u0160koda Kodiaq 2017\u20132019<br \/>\nPro Volkswagen Bora 2019\u20132021<br \/>\nPro Volkswagen Tharu 2019\u20132021<br \/>\nPro Volkswagen Tayron 2019\u20132021<br \/>\nPro Volkswagen Passat 2015\u20132021<br \/>\nPro Volkswagen Sagitar 2019\u20132021<br \/>\nPro Volkswagen T-Cross 2018\u20132019<br \/>\nPro Volkswagen Jetta VS7 2018\u20132020<br \/>\nPro Volkswagen Jetta VS5 2018\u20132020<\/p>\n<\/div>\n<div class=\"detailmodule_image\"><img decoding=\"async\" class=\"detail-desc-decorate-image\" src=\"http:\/\/ullgo.com\/wp-content\/uploads\/aliexpress_images\/S1f333db700db4c508044e0f43b90045ca.jpg\" \/><\/div>\n<div class=\"detailmodule_text\">\n<p class=\"detail-desc-decorate-title\" style=\"font-family: OpenSans; font-size: 20px; font-weight: 900; line-height: 28px; white-space: pre-wrap; color: #000000; margin-bottom: 12px;\">Upozor\u0148ujeme, \u017ee n\u00e1sleduj\u00edc\u00ed modely nejsou kompatibiln\u00ed<\/p>\n<p class=\"detail-desc-decorate-content\" style=\"font-family: OpenSans; font-size: 14px; font-weight: 300; line-height: 20px; white-space: pre-wrap; color: #000000; margin-bottom: 12px;\">1. Nelze namontovat do \u017e\u00e1dn\u00e9ho vozidla vyroben\u00e9ho p\u0159ed rokem 2015.<br \/>\n2. Nelze namontovat do model\u016f Q3, A5, Q5 a A1 2021 s nov\u00fdm MIB. <a href=\"https:\/\/www.ullgo.com\/cz\/universal-car-radio-stereo-amplifier-dsp-extension-cable-wiring-harness\/\"  data-wpil-monitor-id=\"133\">autor\u00e1dio<\/a> atd.<br \/>\n3. Nefunguje s modelem A3 8V Sportback MJ 2016 Europa. Funguje u n\u011bkter\u00fdch model\u016f z roku 2015 a za ur\u010dit\u00fdch podm\u00ednek m\u016f\u017ee vy\u017eadovat k\u00f3dov\u00e1n\u00ed.<br \/>\n4. Nefunguje s modely Audi A3 2020\/2021 a VW Golf 8 2020\/2021.<br \/>\n5. V n\u011bkter\u00fdch oblastech nefunguje dob\u0159e s modelem Q2 2017+.<br \/>\n6. Nefunguje dob\u0159e s \u017e\u00e1dn\u00fdm modelem Audi A5 nebo A7. Nap\u0159\u00edklad p\u0159i prvn\u00edm za\u0159azen\u00ed zp\u00e1te\u010dky se nezobraz\u00ed obraz; je nutn\u00e9 dvakr\u00e1t za\u0159adit zp\u00e1te\u010dku, pot\u00e9 se obraz zp\u00e1te\u010dky zobraz\u00ed spr\u00e1vn\u011b.<br \/>\n7. Nefunguje s modelem Touran 2015+.<br \/>\n8. Nefunguje s n\u011bkter\u00fdmi modely A3 z roku 2015.<br \/>\n9. Nefunguje s modely A6L, A7, A8 nebo Q8, kter\u00e9 jsou zalo\u017eeny na platform\u011b New MLB.<br \/>\n10. Nefunguje s \u017e\u00e1dn\u00fdm modelem S3.<\/p>\n<\/div>\n<div class=\"detailmodule_text-image\">\n<p class=\"detail-desc-decorate-title\" style=\"font-family: OpenSans; font-size: 20px; font-weight: 900; line-height: 28px; white-space: pre-wrap; color: #000000; margin-bottom: 12px;\">Funkce Plug and Play \u2013 nen\u00ed nutn\u00e9 dek\u00f3dov\u00e1n\u00ed<\/p>\n<p class=\"detail-desc-decorate-content\" style=\"font-family: OpenSans; font-size: 14px; font-weight: 300; line-height: 20px; white-space: pre-wrap; color: #000000; margin-bottom: 12px;\">Nen\u00ed nutn\u00e9 dek\u00f3dov\u00e1n\u00ed pro zobrazen\u00ed zp\u00e1te\u010dky, bez po\u0161kozen\u00ed p\u016fvodn\u00edho kabel\u00e1\u017ee vozidla a bez vlivu na standardn\u00ed z\u00e1ruku.<\/p>\n<div><img decoding=\"async\" class=\"detail-desc-decorate-image\" src=\"http:\/\/ullgo.com\/wp-content\/uploads\/aliexpress_images\/Sb6e9952f15c44c19984fbe82b4c49600D.jpg\" \/><\/div>\n<\/div>\n<div class=\"detailmodule_text-image\">\n<p class=\"detail-desc-decorate-title\" style=\"font-family: OpenSans; font-size: 20px; font-weight: 900; line-height: 28px; white-space: pre-wrap; color: #000000; margin-bottom: 12px;\">Po instalaci \u2013 dokonale kompatibiln\u00ed s p\u016fvodn\u00edm displejem vozidel Volkswagen\/Audi<\/p>\n<p class=\"detail-desc-decorate-content\" style=\"font-family: OpenSans; font-size: 14px; font-weight: 300; line-height: 20px; white-space: pre-wrap; color: #000000; margin-bottom: 12px;\">Vysoce kvalitn\u00ed obraz t\u00e9to kamery je slad\u011bn s p\u016fvodn\u00edm displejem a poskytuje dynamick\u00e9 zp\u00e1te\u010dn\u00ed stopy, co\u017e zaji\u0161\u0165uje plynul\u00fd z\u00e1\u017eitek z j\u00edzdy.<br \/>\nPodporuje POUZE origin\u00e1ln\u00ed kabel\u00e1\u017e a origin\u00e1ln\u00ed monitor, kter\u00e9 byly sou\u010d\u00e1st\u00ed vozidla p\u0159i jeho v\u00fdrob\u011b.<\/p>\n<div><img decoding=\"async\" class=\"detail-desc-decorate-image\" src=\"http:\/\/ullgo.com\/wp-content\/uploads\/aliexpress_images\/S174b6d24f34441439a0d91df9b9d0b25L.jpg\" \/><\/div>\n<\/div>\n<div class=\"detailmodule_text-image\">\n<p class=\"detail-desc-decorate-title\" style=\"font-family: OpenSans; font-size: 20px; font-weight: 900; line-height: 28px; white-space: pre-wrap; color: #000000; margin-bottom: 12px;\">Srovn\u00e1vac\u00ed sch\u00e9ma polohy kliky dve\u0159\u00ed \u2013 p\u0159ed a po instalaci<\/p>\n<div><img decoding=\"async\" class=\"detail-desc-decorate-image\" src=\"http:\/\/ullgo.com\/wp-content\/uploads\/aliexpress_images\/S5becab1a02f74f338174f92694dc4a6bE.jpg\" \/><\/div>\n<\/div>\n<div class=\"detailmodule_text-image\">\n<p class=\"detail-desc-decorate-title\" style=\"font-family: OpenSans; font-size: 20px; font-weight: 900; line-height: 28px; white-space: pre-wrap; color: #000000; margin-bottom: 12px;\">Rozd\u00edl mezi mo\u017enostmi kamery A, B, C, D, E, F<\/p>\n<p class=\"detail-desc-decorate-content\" style=\"font-family: OpenSans; font-size: 14px; font-weight: 300; line-height: 20px; white-space: pre-wrap; color: #000000; margin-bottom: 12px;\">Odpov\u00eddaj\u00edc\u00ed mo\u017enost m\u016f\u017eete zvolit podle velikosti kliky dve\u0159\u00ed a nap\u00e1jec\u00edho kabelu CD.<\/p>\n<p>Typ A \u2013 kabel MQB + 48,5*110 mm je ur\u010den pro n\u00e1sleduj\u00edc\u00ed vozidla s monitorem 280 na platform\u011b MQB,<br \/>\nnap\u0159\u00edklad \u0160koda Superb 2017\u20132018, Octavia, Octavia Wagen atd.<br \/>\nLavida PLUS, Tiguan L 2017, Teramont 2017, C-TREK 2017, Touran L 2016\u20132017 atd.<br \/>\nAudi A4L 2017\u20132018, Audi A3 8V 2017, Audi A3 2019 atd.<\/p>\n<p>Typ B \u2013 kabel MQB + 44*111 mm je ur\u010den pro n\u00e1sleduj\u00edc\u00ed vozidla s monitorem 280 na platform\u011b MQB:<br \/>\nnap\u0159\u00edklad Bora, TAYRON, Sagitar, Tharu, T-CLRSS, Jetta VS5 atd.<br \/>\nAudi A3 2017, Audi Q5L 2019, Audi Q2L, Audi Q3, Audi A5 atd.<\/p>\n<p>Typ C \u2013 kabel MQB + 49,8*112 mm je ur\u010den pro n\u00e1sleduj\u00edc\u00ed vozidla:<br \/>\nAudi A3 2017<br \/>\nAudi A5 F5 2018<br \/>\nAudi Q2 2019<br \/>\nAudi A3 8V 2015+ (platforma MQB)<br \/>\nAudi Q7 2017, 2019 atd.<\/p>\n<p>Typ D \u2013 kabel PQ + 49,8*112 mm je ur\u010den pro n\u00e1sleduj\u00edc\u00ed vozidla s monitorem 187B na platform\u011b PQ:<br \/>\nnap\u0159\u00edklad star\u0161\u00ed Sagitar, star\u0161\u00ed Passat atd.<\/p>\n<p>Typ E \u2013 kabel MQB + 92*35 mm je ur\u010den pro n\u00e1sleduj\u00edc\u00ed vozidla:<br \/>\nN\u011bkter\u00e9 modely \u0160koda v Evrop\u011b 2017+<\/p>\n<p>Typ F \u2013 kabel MQB + 44*111 mm (funkce ost\u0159ikov\u00e1n\u00ed vody u origin\u00e1ln\u00edho vozidla) je ur\u010den pro n\u00e1sleduj\u00edc\u00ed vozidla (funkce ost\u0159ikov\u00e1n\u00ed vody u origin\u00e1ln\u00edho vozidla), jeho rozm\u011br je stejn\u00fd jako u kamery B:<br \/>\nAudi Q2 2017, 2018, Q3 2019<br \/>\n\u0160koda Kodiaq 2017, 2018, Karoq 2018<br \/>\nN\u011bkter\u00e9 modely Volkswagen 2019+<\/p>\n<div><img decoding=\"async\" class=\"detail-desc-decorate-image\" src=\"http:\/\/ullgo.com\/wp-content\/uploads\/aliexpress_images\/S8149cf85c2f04a3785aba1faae0a58bcX.jpg\" \/><\/div>\n<\/div>\n<div class=\"detailmodule_text\">\n<p class=\"detail-desc-decorate-content\" style=\"font-family: OpenSans; font-size: 14px; font-weight: 300; line-height: 20px; white-space: pre-wrap; color: #000000; margin-bottom: 12px;\">Pro monitor 280 na platform\u011b MQB<br \/>\nPro monitor 187 na platform\u011b PQ, nap\u0159\u00edklad star\u0161\u00ed Sagitar, star\u0161\u00ed Passat..<\/p>\n<\/div>\n<div class=\"detailmodule_image\"><img decoding=\"async\" class=\"detail-desc-decorate-image\" src=\"http:\/\/ullgo.com\/wp-content\/uploads\/aliexpress_images\/S0552292292a445b789b23927ae31506as.png\" \/><\/div>\n<div class=\"detailmodule_text-image\">\n<p class=\"detail-desc-decorate-title\" style=\"font-family: OpenSans; font-size: 20px; font-weight: 900; line-height: 28px; white-space: pre-wrap; color: #000000; margin-bottom: 12px;\">Vysok\u00e1 vodot\u011bsnost \u2013 stupe\u0148 kryt\u00ed IP68<\/p>\n<p class=\"detail-desc-decorate-content\" style=\"font-family: OpenSans; font-size: 14px; font-weight: 300; line-height: 20px; white-space: pre-wrap; color: #000000; margin-bottom: 12px;\">Specifikace:<br \/>\nNap\u00e1jen\u00ed: DC 12V, stupe\u0148 kryt\u00ed IP67 \/ 68<br \/>\nRozli\u0161en\u00ed: 656 (H) \u00d7 492 (V)<br \/>\nProvozn\u00ed teplota -20 \u00b0C a\u017e +75 \u00b0C, RH 95 % MAX<br \/>\nSkladovac\u00ed teplota -40 \u00b0C a\u017e 85 \u00b0C, RH 95 % MAX<br \/>\nTV syst\u00e9m NTSC<br \/>\nPlocha sn\u00edm\u00e1n\u00ed sv\u011btla 3,584 mm \u00d7 2,688 mm<br \/>\n\u00dahel z\u00e1b\u011bru objektivu: horizont\u00e1ln\u011b 135\u00b0 \/ diagon\u00e1ln\u011b 170\u00b0<\/p>\n<div><img decoding=\"async\" class=\"detail-desc-decorate-image\" src=\"http:\/\/ullgo.com\/wp-content\/uploads\/aliexpress_images\/S2bc238c65df44d2db05c15e214dd6b6cC.jpg\" \/><\/div>\n<\/div>\n<div class=\"detailmodule_text-image\">\n<p class=\"detail-desc-decorate-title\" style=\"font-family: OpenSans; font-size: 20px; font-weight: 900; line-height: 28px; white-space: pre-wrap; color: #000000; margin-bottom: 12px;\">\u0160irok\u00fd \u00fahel 170\u00b0 poskytuje vynikaj\u00edc\u00ed viditelnost<\/p>\n<div><img decoding=\"async\" class=\"detail-desc-decorate-image\" src=\"http:\/\/ullgo.com\/wp-content\/uploads\/aliexpress_images\/S46cf0a143ead47bbbb6c29f3e8ce13f3b.jpg\" \/><\/div>\n<\/div>\n<div class=\"detailmodule_text-image\">\n<p class=\"detail-desc-decorate-title\" style=\"font-family: OpenSans; font-size: 20px; font-weight: 900; line-height: 28px; white-space: pre-wrap; color: #000000; margin-bottom: 12px;\">Nab\u00edz\u00edme kvalitn\u011bj\u0161\u00ed a cenov\u011b v\u00fdhodn\u011bj\u0161\u00ed kamery.<\/p>\n<p class=\"detail-desc-decorate-content\" style=\"font-family: OpenSans; font-size: 14px; font-weight: 300; line-height: 20px; white-space: pre-wrap; color: #000000; margin-bottom: 12px;\">Zobrazen\u00ed obrazu z kamery je \u010dist\u0161\u00ed a b\u011b\u017e\u00ed plynuleji.<\/p>\n<div><img decoding=\"async\" class=\"detail-desc-decorate-image\" src=\"http:\/\/ullgo.com\/wp-content\/uploads\/aliexpress_images\/S0d7e4456299a46b68aad683f89b9fc99g.jpg\" \/><\/div>\n<\/div>","protected":false},"excerpt":{"rendered":"<p>Reverse Camera for VW\/Octavia\/Tiguan\/Audi with Dynamic Trajectory Parking Waterproof &gt;&gt;&gt;This is a cutting-edge product designed for Volkswagen, Skoda, and Audi systems that are built on the MQB Platform (new model) or PQ Platform (old model) from 2016 onwards. \uff08Pls note that It works for original car screen, not for any after-market car radio.\uff09 &gt;&gt;&gt;In terms [&#8230;]\n","protected":false},"featured_media":14764,"comment_status":"open","ping_status":"closed","template":"","meta":{"_seopress_titles_title":"","_seopress_titles_desc":"","_seopress_robots_index":"","_seopress_robots_follow":"","_seopress_robots_imageindex":"","_seopress_robots_snippet":"","_seopress_robots_primary_cat":"0","_seopress_robots_breadcrumbs":"","_seopress_robots_freeze_modified_date":"","_seopress_robots_custom_modified_date":"","_seopress_robots_canonical":"","_seopress_social_fb_title":"","_seopress_social_fb_desc":"","_seopress_social_fb_img":"","_seopress_social_fb_img_attachment_id":0,"_seopress_social_fb_img_width":0,"_seopress_social_fb_img_height":0,"_seopress_social_twitter_title":"","_seopress_social_twitter_desc":"","_seopress_social_twitter_img":"","_seopress_social_twitter_img_attachment_id":0,"_seopress_social_twitter_img_width":0,"_seopress_social_twitter_img_height":0,"_seopress_redirections_value":"","_seopress_redirections_enabled":"","_seopress_redirections_enabled_regex":"","_seopress_redirections_logged_status":"","_seopress_redirections_param":"","_seopress_redirections_type":0,"_seopress_analysis_target_kw":"","_seopress_news_disabled":"","_seopress_video_disabled":"","_seopress_video":[],"_seopress_pro_schemas_manual":[],"_seopress_pro_rich_snippets_disable_all":"","_seopress_pro_rich_snippets_disable":[],"_seopress_pro_schemas":[]},"product_brand":[],"product_cat":[62],"product_tag":[],"class_list":["post-9247","product","type-product","status-publish","has-post-thumbnail","product_cat-backup-cameras","first","instock","shipping-taxable","purchasable","product-type-variable"],"group_of_quantity":0,"min_quantity":0,"max_quantity":"","exclude_order_quantity_value_rules":"no","exclude_category_quantity_rules":"no","combine_variations":"no","_links":{"self":[{"href":"https:\/\/www.ullgo.com\/cz\/wp-json\/wp\/v2\/product\/9247","targetHints":{"allow":["GET"]}}],"collection":[{"href":"https:\/\/www.ullgo.com\/cz\/wp-json\/wp\/v2\/product"}],"about":[{"href":"https:\/\/www.ullgo.com\/cz\/wp-json\/wp\/v2\/types\/product"}],"replies":[{"embeddable":true,"href":"https:\/\/www.ullgo.com\/cz\/wp-json\/wp\/v2\/comments?post=9247"}],"wp:featuredmedia":[{"embeddable":true,"href":"https:\/\/www.ullgo.com\/cz\/wp-json\/wp\/v2\/media\/14764"}],"wp:attachment":[{"href":"https:\/\/www.ullgo.com\/cz\/wp-json\/wp\/v2\/media?parent=9247"}],"wp:term":[{"taxonomy":"product_brand","embeddable":true,"href":"https:\/\/www.ullgo.com\/cz\/wp-json\/wp\/v2\/product_brand?post=9247"},{"taxonomy":"product_cat","embeddable":true,"href":"https:\/\/www.ullgo.com\/cz\/wp-json\/wp\/v2\/product_cat?post=9247"},{"taxonomy":"product_tag","embeddable":true,"href":"https:\/\/www.ullgo.com\/cz\/wp-json\/wp\/v2\/product_tag?post=9247"}],"curies":[{"name":"wp","href":"https:\/\/api.w.org\/{rel}","templated":true}]}}