{"id":9247,"date":"2023-10-07T01:32:37","date_gmt":"2023-10-07T01:32:37","guid":{"rendered":"https:\/\/ullgo.com\/?post_type=product&#038;p=9247.html"},"modified":"2025-06-27T02:32:16","modified_gmt":"2025-06-27T02:32:16","slug":"camera-de-recul-pour-vw-octavia-tiguan-audi-avec-trajectoire-dynamique-de-stationnement-etanche","status":"publish","type":"product","link":"https:\/\/www.ullgo.com\/fr\/product\/reverse-camera-for-vw-octavia-tiguan-audi-with-dynamic-trajectory-parking-waterproof","title":{"rendered":"Cam\u00e9ra de recul pour VW\/Octavia\/Tiguan\/Audi avec trajectoire dynamique"},"content":{"rendered":"<div class=\"product-specs-list-container\">\n<p><span style=\"color: #000000; font-family: OpenSans; font-size: 20px; font-weight: 900; white-space-collapse: preserve;\">Cam\u00e9ra de recul pour VW\/Octavia\/Tiguan\/Audi avec trajectoire dynamique de stationnement, \u00e9tanche<\/span><\/p>\n<\/div>\n<div class=\"detailmodule_text-image\">\n<p class=\"detail-desc-decorate-content\" style=\"font-family: OpenSans; font-size: 14px; font-weight: 300; line-height: 20px; white-space: pre-wrap; color: #000000; margin-bottom: 12px;\">&gt;&gt;&gt;Il s'agit d'un produit de pointe con\u00e7u pour les syst\u00e8mes Volkswagen, Skoda et Audi bas\u00e9s sur la plateforme MQB (nouveau mod\u00e8le) ou PQ (ancien mod\u00e8le) \u00e0 partir de 2016.<br \/>\n(Veuillez noter qu'il fonctionne avec l'\u00e9cran d'origine du v\u00e9hicule, et non avec tout autoradio apr\u00e8s-vente.)<\/p>\n<p>&gt;&gt;&gt;En termes d'avantages, le principal argument de vente de ce produit r\u00e9side dans sa compatibilit\u00e9 avec une gamme de mod\u00e8les Volkswagen, Skoda et Audi.<br \/>\nLe d\u00e9lai int\u00e9gr\u00e9 et la compatibilit\u00e9 CANBUS garantissent des performances fiables, tandis que la disponibilit\u00e9 de diverses options de cam\u00e9ra r\u00e9pond aux besoins vari\u00e9s des clients.<br \/>\nDe plus, la qualit\u00e9 d'image \u00e9lev\u00e9e du produit correspond \u00e0 celle de l'\u00e9cran d'origine, assurant une exp\u00e9rience de conduite fluide.<\/p>\n<div><img decoding=\"async\" class=\"detail-desc-decorate-image\" src=\"http:\/\/ullgo.com\/wp-content\/uploads\/aliexpress_images\/S85a8523818494d159371715036c9f717A.jpg\" \/><img decoding=\"async\" class=\"detail-desc-decorate-image\" src=\"http:\/\/ullgo.com\/wp-content\/uploads\/aliexpress_images\/S535ba1fa315a43fcb7dc3c0db7b3bd5f0.jpg\" \/><\/div>\n<\/div>\n<div class=\"detailmodule_text\">\n<p class=\"detail-desc-decorate-title\" style=\"font-family: OpenSans; font-size: 20px; font-weight: 900; line-height: 28px; white-space: pre-wrap; color: #000000; margin-bottom: 12px;\">Autres caract\u00e9ristiques de la cam\u00e9ra de recul pour \u00e9cran d'origine :<\/p>\n<p class=\"detail-desc-decorate-content\" style=\"font-family: OpenSans; font-size: 14px; font-weight: 300; line-height: 20px; white-space: pre-wrap; color: #000000; margin-bottom: 12px;\">1. Par rapport aux cam\u00e9ras d'usine courantes, ISUDAR propose une option moins ch\u00e8re et \u00e0 qualit\u00e9 garantie.<br \/>\n2. Elle est facile \u00e0 installer et ne n\u00e9cessite ni CANBUS ni d\u00e9codage \u2013 il suffit de brancher et d'utiliser !<br \/>\n3. Elle s'adapte parfaitement \u00e0 l'unit\u00e9 principale d'origine et ne modifie ni l'apparence ni les fonctions du v\u00e9hicule.<br \/>\n4. Elle affiche des lignes de trajectoire dynamiques en fonction de l'angle du volant, aidant les conducteurs \u00e0 ajuster leur trajectoire de recul et am\u00e9liorant la s\u00e9curit\u00e9 et la commodit\u00e9.<br \/>\n5. Gr\u00e2ce \u00e0 un objectif grand-angle (fish-eye), la vision de nuit est \u00e9galement nette et l'angle large de 170\u00b0 offre une excellente visibilit\u00e9.<br \/>\nL'objectif de la cam\u00e9ra est dot\u00e9 d'une perspective grand-angle (fish-eye) par d\u00e9faut, offrant une vue panoramique.<\/p>\n<\/div>\n<div class=\"detailmodule_text\">\n<p class=\"detail-desc-decorate-title\" style=\"font-family: OpenSans; font-size: 20px; font-weight: 900; line-height: 28px; white-space: pre-wrap; color: #000000; margin-bottom: 12px;\">Pour VW\/AUDI\/SKODA<\/p>\n<p class=\"detail-desc-decorate-content\" style=\"font-family: OpenSans; font-size: 14px; font-weight: 300; line-height: 20px; white-space: pre-wrap; color: #000000; margin-bottom: 12px;\">Vous pouvez envoyer des photos de la console centrale et du <a href=\"https:\/\/www.ullgo.com\/fr\/for-bmw-e39-e53-x5-e60-e61-car-audio-aux-input-cable\/\"  data-wpil-monitor-id=\"102\">c\u00e2ble d'alimentation du CD d'origine<\/a> pour que nous puissions confirmer.<br \/>\nPour Audi A3 2016-2019<br \/>\nPour Audi Q7 2017-2018<br \/>\nPour Audi A4L 2017-2019<br \/>\nPour Skoda Superb 2017-2018<br \/>\nPour Skoda Octavia<br \/>\nPour Skoda Octavia Wagen<br \/>\nPour Volkswagen Sharan 2017-2020<br \/>\nPour Volkswagen Passat 2016-2018<br \/>\nPour Volkswagen Sagitar 2016-2018<br \/>\nPour Volkswagen C-TRAK 2017-2020<br \/>\nPour Volkswagen Lavida Plus 2018-2020<br \/>\nPour Volkswagen Lavida 2018-2020<br \/>\nPour Volkswagen Touareg 2018-2020<br \/>\nPour Volkswagen Tiguan L 2017-2019<br \/>\nPour Volkswagen Touran L 2016-2017<br \/>\nPour Volkswagen Touran 2018-2020<br \/>\nPour Volkswagen Teramont 2017<\/p>\n<p>Pour Audi A5 2017-2018<br \/>\nPour Audi Q3 2019<br \/>\nPour Audi Q2L 2017-2018<br \/>\nPour Audi Q5L 2017-2018<br \/>\nPour Skoda Superb 2019<br \/>\nPour Skoda Karoq 2017-2019<br \/>\nPour Skoda Kamiq 2017-2019<br \/>\nPour Skoda Kodiaq 2017-2019<br \/>\nPour Volkswagen Bora 2019-2021<br \/>\nPour Volkswagen Tharu 2019-2021<br \/>\nPour Volkswagen Tayron 2019-2021<br \/>\nPour Volkswagen Passat 2015-2021<br \/>\nPour Volkswagen Sagitar 2019-2021<br \/>\nPour Volkswagen T-Cross 2018-2019<br \/>\nPour Volkswagen Jetta VS7 2018-2020<br \/>\nPour Volkswagen Jetta VS5 2018-2020<\/p>\n<\/div>\n<div class=\"detailmodule_image\"><img decoding=\"async\" class=\"detail-desc-decorate-image\" src=\"http:\/\/ullgo.com\/wp-content\/uploads\/aliexpress_images\/S1f333db700db4c508044e0f43b90045ca.jpg\" \/><\/div>\n<div class=\"detailmodule_text\">\n<p class=\"detail-desc-decorate-title\" style=\"font-family: OpenSans; font-size: 20px; font-weight: 900; line-height: 28px; white-space: pre-wrap; color: #000000; margin-bottom: 12px;\">Veuillez noter que les mod\u00e8les suivants ne sont pas compatibles<\/p>\n<p class=\"detail-desc-decorate-content\" style=\"font-family: OpenSans; font-size: 14px; font-weight: 300; line-height: 20px; white-space: pre-wrap; color: #000000; margin-bottom: 12px;\">1. Il ne peut \u00eatre install\u00e9 sur aucun v\u00e9hicule ant\u00e9rieur \u00e0 2015.<br \/>\n2. Il n\u2019est pas compatible avec les Q3, A5, Q5 et A1 2021 \u00e9quip\u00e9s du nouveau MIB. <a href=\"https:\/\/www.ullgo.com\/fr\/universal-car-radio-stereo-amplifier-dsp-extension-cable-wiring-harness\/\"  data-wpil-monitor-id=\"133\">l\u2019autoradio<\/a> etc.<br \/>\n3. Il ne fonctionne pas avec l\u2019A3 8V Sportback MJ 2016 Europa. Il fonctionne pour certains mod\u00e8les de 2015, et peut n\u00e9cessiter des op\u00e9rations de codage dans certaines conditions.<br \/>\n4. Il ne fonctionne pas avec l\u2019Audi A3 2020\/2021 et la VW Golf 8 2020\/2021.<br \/>\n5. Il peut ne pas fonctionner correctement avec le Q2 2017+ dans certaines zones.<br \/>\n6. Il ne fonctionne pas correctement avec les Audi A5 ou A7. Par exemple, il ne fonctionnera pas lors du premier passage en marche arri\u00e8re (R) ; une double op\u00e9ration de la marche arri\u00e8re est n\u00e9cessaire pour afficher correctement l\u2019image de recul.<br \/>\n7. Il ne fonctionne pas avec le Touran 2015+.<br \/>\n8. Il ne fonctionne pas avec certains A3 2015.<br \/>\n9. Il ne fonctionne pas avec les A6L, A7, A8 ou Q8, bas\u00e9s sur la nouvelle plateforme MLB.<br \/>\n10. Il ne fonctionne avec aucun S3.<\/p>\n<\/div>\n<div class=\"detailmodule_text-image\">\n<p class=\"detail-desc-decorate-title\" style=\"font-family: OpenSans; font-size: 20px; font-weight: 900; line-height: 28px; white-space: pre-wrap; color: #000000; margin-bottom: 12px;\">Fonctionnalit\u00e9 Plug and Play \u2013 aucun d\u00e9codage n\u00e9cessaire<\/p>\n<p class=\"detail-desc-decorate-content\" style=\"font-family: OpenSans; font-size: 14px; font-weight: 300; line-height: 20px; white-space: pre-wrap; color: #000000; margin-bottom: 12px;\">Aucun d\u00e9codage requis pour l\u2019affichage de la cam\u00e9ra de recul, sans endommager le c\u00e2blage d\u2019origine du v\u00e9hicule et sans affecter la garantie standard.<\/p>\n<div><img decoding=\"async\" class=\"detail-desc-decorate-image\" src=\"http:\/\/ullgo.com\/wp-content\/uploads\/aliexpress_images\/Sb6e9952f15c44c19984fbe82b4c49600D.jpg\" \/><\/div>\n<\/div>\n<div class=\"detailmodule_text-image\">\n<p class=\"detail-desc-decorate-title\" style=\"font-family: OpenSans; font-size: 20px; font-weight: 900; line-height: 28px; white-space: pre-wrap; color: #000000; margin-bottom: 12px;\">Apr\u00e8s installation \u2013 Compatibilit\u00e9 parfaite avec l\u2019\u00e9cran d\u2019origine Volkswagen\/Audi<\/p>\n<p class=\"detail-desc-decorate-content\" style=\"font-family: OpenSans; font-size: 14px; font-weight: 300; line-height: 20px; white-space: pre-wrap; color: #000000; margin-bottom: 12px;\">Les images de haute qualit\u00e9 de cette cam\u00e9ra sont adapt\u00e9es \u00e0 l\u2019\u00e9cran d\u2019origine et fournissent des trajectoires de recul dynamiques, garantissant une exp\u00e9rience de conduite fluide.<br \/>\nIl est compatible UNIQUEMENT avec le faisceau d\u2019origine et le moniteur d\u2019origine, tels que fournis avec le v\u00e9hicule lors de sa production.<\/p>\n<div><img decoding=\"async\" class=\"detail-desc-decorate-image\" src=\"http:\/\/ullgo.com\/wp-content\/uploads\/aliexpress_images\/S174b6d24f34441439a0d91df9b9d0b25L.jpg\" \/><\/div>\n<\/div>\n<div class=\"detailmodule_text-image\">\n<p class=\"detail-desc-decorate-title\" style=\"font-family: OpenSans; font-size: 20px; font-weight: 900; line-height: 28px; white-space: pre-wrap; color: #000000; margin-bottom: 12px;\">Sch\u00e9ma comparatif de la position de la poign\u00e9e de porte \u2013 avant et apr\u00e8s installation<\/p>\n<div><img decoding=\"async\" class=\"detail-desc-decorate-image\" src=\"http:\/\/ullgo.com\/wp-content\/uploads\/aliexpress_images\/S5becab1a02f74f338174f92694dc4a6bE.jpg\" \/><\/div>\n<\/div>\n<div class=\"detailmodule_text-image\">\n<p class=\"detail-desc-decorate-title\" style=\"font-family: OpenSans; font-size: 20px; font-weight: 900; line-height: 28px; white-space: pre-wrap; color: #000000; margin-bottom: 12px;\">Diff\u00e9rence entre les options de cam\u00e9ra A, B, C, D, E, F<\/p>\n<p class=\"detail-desc-decorate-content\" style=\"font-family: OpenSans; font-size: 14px; font-weight: 300; line-height: 20px; white-space: pre-wrap; color: #000000; margin-bottom: 12px;\">Vous pouvez choisir l\u2019option correspondante en fonction de la taille de la poign\u00e9e de porte et du c\u00e2ble d\u2019alimentation du lecteur CD.<\/p>\n<p>Le type A (c\u00e2ble MQB + 48,5*110 mm) est destin\u00e9 aux v\u00e9hicules suivants \u00e9quip\u00e9s du moniteur 280 sur plateforme MQB,<br \/>\ntels que Skoda Superb 2017-2018, Octavia, Octavia Wagen, etc.<br \/>\nLavida PLUS, Tiguan L 2017, Teramont 2017, C-TREK 2017, Touran L 2016-2017, etc.<br \/>\nAudi A4L 2017-2018, Audi A3 8V 2017, Audi A3 2019, etc.<\/p>\n<p>Le type B (c\u00e2ble MQB + 44*111 mm) est destin\u00e9 aux v\u00e9hicules suivants \u00e9quip\u00e9s du moniteur 280 sur plateforme MQB :<br \/>\ntels que Bora, TAYRON, Sagitar, Tharu, T-CLRSS, Jetta VS5, etc.<br \/>\nAudi A3 2017 4, Audi Q5L 2019, Audi Q2L, Audi Q3, Audi A5, etc.<\/p>\n<p>Le type C (c\u00e2ble MQB + 49,8*112 mm) est destin\u00e9 aux v\u00e9hicules suivants :<br \/>\nAudi A3 2017<br \/>\nAudi A5 F5 2018<br \/>\nAudi Q2 2019<br \/>\nAudi A3 8V 2015+ (plateforme MQB)<br \/>\nAudi Q7 2017 2019, etc.<\/p>\n<p>Le type D (c\u00e2ble PQ + 49,8*112 mm) est destin\u00e9 aux v\u00e9hicules suivants, moniteur 187B sur plateforme PQ :<br \/>\ntels que l\u2019ancien Sagitar, l\u2019ancien Passat, etc.<\/p>\n<p>Le type E (c\u00e2ble MQB + 92*35 mm) est destin\u00e9 aux v\u00e9hicules suivants :<br \/>\nCertains Skoda en Europe 2017+<\/p>\n<p>Le type F (c\u00e2ble MQB + 44*111 mm, fonction de jet d\u2019eau d\u2019origine) est destin\u00e9 aux v\u00e9hicules suivants (fonction de jet d\u2019eau d\u2019origine), sa taille est identique \u00e0 celle de la cam\u00e9ra B :<br \/>\nAudi Q2 2017 2018, Q3 2019<br \/>\nSkoda Kodiaq 2017 2018, Karoq 2018<br \/>\nCertains Volkswagen 2019+<\/p>\n<div><img decoding=\"async\" class=\"detail-desc-decorate-image\" src=\"http:\/\/ullgo.com\/wp-content\/uploads\/aliexpress_images\/S8149cf85c2f04a3785aba1faae0a58bcX.jpg\" \/><\/div>\n<\/div>\n<div class=\"detailmodule_text\">\n<p class=\"detail-desc-decorate-content\" style=\"font-family: OpenSans; font-size: 14px; font-weight: 300; line-height: 20px; white-space: pre-wrap; color: #000000; margin-bottom: 12px;\">Pour moniteur 280 sur plateforme MQB<br \/>\nPour moniteur 187 sur plateforme PQ, tels que l\u2019ancien Sagitar, l\u2019ancien Passat..<\/p>\n<\/div>\n<div class=\"detailmodule_image\"><img decoding=\"async\" class=\"detail-desc-decorate-image\" src=\"http:\/\/ullgo.com\/wp-content\/uploads\/aliexpress_images\/S0552292292a445b789b23927ae31506as.png\" \/><\/div>\n<div class=\"detailmodule_text-image\">\n<p class=\"detail-desc-decorate-title\" style=\"font-family: OpenSans; font-size: 20px; font-weight: 900; line-height: 28px; white-space: pre-wrap; color: #000000; margin-bottom: 12px;\">Haute performance d\u2019\u00e9tanch\u00e9it\u00e9 IP68<\/p>\n<p class=\"detail-desc-decorate-content\" style=\"font-family: OpenSans; font-size: 14px; font-weight: 300; line-height: 20px; white-space: pre-wrap; color: #000000; margin-bottom: 12px;\">Sp\u00e9cifications :<br \/>\nAlimentation : 12V CC, indice d\u2019\u00e9tanch\u00e9it\u00e9 IP67 \/ 68<br \/>\nPixels : 656 (H) \u00d7 492 (V)<br \/>\nTemp\u00e9rature de fonctionnement : -20 \u00b0C \u00e0 +75 \u00b0C, RH 95 % MAX<br \/>\nTemp\u00e9rature de stockage : -40 \u00b0C \u00e0 85 \u00b0C, RH 95 % MAX<br \/>\nSyst\u00e8me TV : NTSC<br \/>\nZone de perception lumineuse : 3,584 mm \u00d7 2,688 mm<br \/>\nAngle de l'objectif : Horizontal : 135\u00b0 \/ Diagonale : 170\u00b0<\/p>\n<div><img decoding=\"async\" class=\"detail-desc-decorate-image\" src=\"http:\/\/ullgo.com\/wp-content\/uploads\/aliexpress_images\/S2bc238c65df44d2db05c15e214dd6b6cC.jpg\" \/><\/div>\n<\/div>\n<div class=\"detailmodule_text-image\">\n<p class=\"detail-desc-decorate-title\" style=\"font-family: OpenSans; font-size: 20px; font-weight: 900; line-height: 28px; white-space: pre-wrap; color: #000000; margin-bottom: 12px;\">L'angle grand-angle de 170\u00b0 offre une excellente visibilit\u00e9<\/p>\n<div><img decoding=\"async\" class=\"detail-desc-decorate-image\" src=\"http:\/\/ullgo.com\/wp-content\/uploads\/aliexpress_images\/S46cf0a143ead47bbbb6c29f3e8ce13f3b.jpg\" \/><\/div>\n<\/div>\n<div class=\"detailmodule_text-image\">\n<p class=\"detail-desc-decorate-title\" style=\"font-family: OpenSans; font-size: 20px; font-weight: 900; line-height: 28px; white-space: pre-wrap; color: #000000; margin-bottom: 12px;\">Nous proposons des cam\u00e9ras de meilleure qualit\u00e9 et plus rentables.<\/p>\n<p class=\"detail-desc-decorate-content\" style=\"font-family: OpenSans; font-size: 14px; font-weight: 300; line-height: 20px; white-space: pre-wrap; color: #000000; margin-bottom: 12px;\">L'affichage de l'image de la cam\u00e9ra est plus net et fonctionne de mani\u00e8re plus fluide.<\/p>\n<div><img decoding=\"async\" class=\"detail-desc-decorate-image\" src=\"http:\/\/ullgo.com\/wp-content\/uploads\/aliexpress_images\/S0d7e4456299a46b68aad683f89b9fc99g.jpg\" \/><\/div>\n<\/div>","protected":false},"excerpt":{"rendered":"<p>Reverse Camera for VW\/Octavia\/Tiguan\/Audi with Dynamic Trajectory Parking Waterproof &gt;&gt;&gt;This is a cutting-edge product designed for Volkswagen, Skoda, and Audi systems that are built on the MQB Platform (new model) or PQ Platform (old model) from 2016 onwards. \uff08Pls note that It works for original car screen, not for any after-market car radio.\uff09 &gt;&gt;&gt;In terms [&#8230;]\n","protected":false},"featured_media":14764,"comment_status":"open","ping_status":"closed","template":"","meta":{"_seopress_titles_title":"","_seopress_titles_desc":"","_seopress_robots_index":"","_seopress_robots_follow":"","_seopress_robots_imageindex":"","_seopress_robots_snippet":"","_seopress_robots_primary_cat":"0","_seopress_robots_breadcrumbs":"","_seopress_robots_freeze_modified_date":"","_seopress_robots_custom_modified_date":"","_seopress_robots_canonical":"","_seopress_social_fb_title":"","_seopress_social_fb_desc":"","_seopress_social_fb_img":"","_seopress_social_fb_img_attachment_id":0,"_seopress_social_fb_img_width":0,"_seopress_social_fb_img_height":0,"_seopress_social_twitter_title":"","_seopress_social_twitter_desc":"","_seopress_social_twitter_img":"","_seopress_social_twitter_img_attachment_id":0,"_seopress_social_twitter_img_width":0,"_seopress_social_twitter_img_height":0,"_seopress_redirections_value":"","_seopress_redirections_enabled":"","_seopress_redirections_enabled_regex":"","_seopress_redirections_logged_status":"","_seopress_redirections_param":"","_seopress_redirections_type":0,"_seopress_analysis_target_kw":"","_seopress_news_disabled":"","_seopress_video_disabled":"","_seopress_video":[],"_seopress_pro_schemas_manual":[],"_seopress_pro_rich_snippets_disable_all":"","_seopress_pro_rich_snippets_disable":[],"_seopress_pro_schemas":[]},"product_brand":[],"product_cat":[62],"product_tag":[],"class_list":["post-9247","product","type-product","status-publish","has-post-thumbnail","product_cat-backup-cameras","first","instock","shipping-taxable","purchasable","product-type-variable"],"group_of_quantity":0,"min_quantity":0,"max_quantity":"","exclude_order_quantity_value_rules":"no","exclude_category_quantity_rules":"no","combine_variations":"no","_links":{"self":[{"href":"https:\/\/www.ullgo.com\/fr\/wp-json\/wp\/v2\/product\/9247","targetHints":{"allow":["GET"]}}],"collection":[{"href":"https:\/\/www.ullgo.com\/fr\/wp-json\/wp\/v2\/product"}],"about":[{"href":"https:\/\/www.ullgo.com\/fr\/wp-json\/wp\/v2\/types\/product"}],"replies":[{"embeddable":true,"href":"https:\/\/www.ullgo.com\/fr\/wp-json\/wp\/v2\/comments?post=9247"}],"wp:featuredmedia":[{"embeddable":true,"href":"https:\/\/www.ullgo.com\/fr\/wp-json\/wp\/v2\/media\/14764"}],"wp:attachment":[{"href":"https:\/\/www.ullgo.com\/fr\/wp-json\/wp\/v2\/media?parent=9247"}],"wp:term":[{"taxonomy":"product_brand","embeddable":true,"href":"https:\/\/www.ullgo.com\/fr\/wp-json\/wp\/v2\/product_brand?post=9247"},{"taxonomy":"product_cat","embeddable":true,"href":"https:\/\/www.ullgo.com\/fr\/wp-json\/wp\/v2\/product_cat?post=9247"},{"taxonomy":"product_tag","embeddable":true,"href":"https:\/\/www.ullgo.com\/fr\/wp-json\/wp\/v2\/product_tag?post=9247"}],"curies":[{"name":"wp","href":"https:\/\/api.w.org\/{rel}","templated":true}]}}