{"id":9247,"date":"2023-10-07T01:32:37","date_gmt":"2023-10-07T01:32:37","guid":{"rendered":"https:\/\/ullgo.com\/?post_type=product&#038;p=9247.html"},"modified":"2025-06-27T02:32:16","modified_gmt":"2025-06-27T02:32:16","slug":"vw-octavia-tiguan-audi-icin-dinamik-yorungeli-park-destekli-su-gecirmez-geri-gorus-kamerasi","status":"publish","type":"product","link":"https:\/\/www.ullgo.com\/tr\/product\/reverse-camera-for-vw-octavia-tiguan-audi-with-dynamic-trajectory-parking-waterproof","title":{"rendered":"VW\/Octavia\/Tiguan\/Audi i\u00e7in Dinamik Y\u00f6r\u00fcngeye Sahip Geri G\u00f6r\u00fc\u015f Kameras\u0131"},"content":{"rendered":"<div class=\"product-specs-list-container\">\n<p><span style=\"color: #000000; font-family: OpenSans; font-size: 20px; font-weight: 900; white-space-collapse: preserve;\">VW\/Octavia\/Tiguan\/Audi i\u00e7in Dinamik Y\u00f6r\u00fcnge Park \u00d6zellikli Su Ge\u00e7irmez Geri G\u00f6r\u00fc\u015f Kameras\u0131<\/span><\/p>\n<\/div>\n<div class=\"detailmodule_text-image\">\n<p class=\"detail-desc-decorate-content\" style=\"font-family: OpenSans; font-size: 14px; font-weight: 300; line-height: 20px; white-space: pre-wrap; color: #000000; margin-bottom: 12px;\">&gt;&gt;&gt;Bu \u00fcr\u00fcn, 2016 ve sonras\u0131 MQB Platformu (yeni model) veya PQ Platformu (eski model) \u00fczerine in\u015fa edilmi\u015f Volkswagen, Skoda ve Audi sistemleri i\u00e7in tasarlanm\u0131\u015f son teknoloji bir \u00fcr\u00fcnd\u00fcr.<br \/>\n\uff08L\u00fctfen, orijinal ara\u00e7 ekran\u0131 i\u00e7in \u00e7al\u0131\u015ft\u0131\u011f\u0131n\u0131, herhangi bir yan sanayi ara\u00e7 radyosu i\u00e7in \u00e7al\u0131\u015fmad\u0131\u011f\u0131n\u0131 unutmay\u0131n.\uff09<\/p>\n<p>&gt;&gt;&gt;Faydalar\u0131 a\u00e7\u0131s\u0131ndan, bu \u00fcr\u00fcn\u00fcn ana sat\u0131\u015f noktas\u0131, \u00e7e\u015fitli Volkswagen, Skoda ve Audi modelleriyle uyumlulu\u011fudur.<br \/>\nDahili gecikme ve CANBUS uyumlulu\u011fu g\u00fcvenilir performans sa\u011flarken, \u00e7e\u015fitli kamera se\u00e7eneklerinin mevcudiyeti farkl\u0131 m\u00fc\u015fteri ihtiya\u00e7lar\u0131na hitap eder.<br \/>\nAyr\u0131ca, \u00fcr\u00fcn\u00fcn y\u00fcksek kaliteli g\u00f6r\u00fcnt\u00fcs\u00fc orijinal monit\u00f6rle e\u015fle\u015ferek kesintisiz bir s\u00fcr\u00fc\u015f deneyimi sunar.<\/p>\n<div><img decoding=\"async\" class=\"detail-desc-decorate-image\" src=\"http:\/\/ullgo.com\/wp-content\/uploads\/aliexpress_images\/S85a8523818494d159371715036c9f717A.jpg\" \/><img decoding=\"async\" class=\"detail-desc-decorate-image\" src=\"http:\/\/ullgo.com\/wp-content\/uploads\/aliexpress_images\/S535ba1fa315a43fcb7dc3c0db7b3bd5f0.jpg\" \/><\/div>\n<\/div>\n<div class=\"detailmodule_text\">\n<p class=\"detail-desc-decorate-title\" style=\"font-family: OpenSans; font-size: 20px; font-weight: 900; line-height: 28px; white-space: pre-wrap; color: #000000; margin-bottom: 12px;\">OEM Ekran Arka G\u00f6r\u00fc\u015f Kameras\u0131n\u0131n Di\u011fer \u00d6zellikleri:<\/p>\n<p class=\"detail-desc-decorate-content\" style=\"font-family: OpenSans; font-size: 14px; font-weight: 300; line-height: 20px; white-space: pre-wrap; color: #000000; margin-bottom: 12px;\">1. Ana ak\u0131m fabrika kameralar\u0131na k\u0131yasla ISUDAR, daha ucuz ve garantili kalite se\u00e7ene\u011fi sunar.<br \/>\n2. Kurulumu kolayd\u0131r ve CANBUS veya kod \u00e7\u00f6zme gerektirmez \u2013 sadece tak ve \u00e7al\u0131\u015ft\u0131r!<br \/>\n3. Orijinal ana \u00fcniteyle m\u00fckemmel uyum sa\u011flar ve arac\u0131n g\u00f6r\u00fcn\u00fcm\u00fcn\u00fc veya i\u015flevlerini de\u011fi\u015ftirmez.<br \/>\n4. Direksiyon a\u00e7\u0131s\u0131na ba\u011fl\u0131 olarak dinamik y\u00f6r\u00fcnge \u00e7izgileri g\u00f6sterir, s\u00fcr\u00fcc\u00fclerin geri manevra rotas\u0131n\u0131 ayarlamas\u0131na yard\u0131mc\u0131 olur ve g\u00fcvenlik ile konforu art\u0131r\u0131r.<br \/>\n5. Bal\u0131k g\u00f6z\u00fc lens sayesinde gece g\u00f6r\u00fc\u015f\u00fc de nettir ve 170\u00b0 geni\u015f a\u00e7\u0131 m\u00fckemmel g\u00f6r\u00fc\u015f sa\u011flar.<br \/>\nKameran\u0131n lensi, varsay\u0131lan \u00f6zellik olarak bal\u0131k g\u00f6z\u00fc perspektifiyle gelir ve geni\u015f a\u00e7\u0131l\u0131 bir g\u00f6r\u00fc\u015f sunar.<\/p>\n<\/div>\n<div class=\"detailmodule_text\">\n<p class=\"detail-desc-decorate-title\" style=\"font-family: OpenSans; font-size: 20px; font-weight: 900; line-height: 28px; white-space: pre-wrap; color: #000000; margin-bottom: 12px;\">VW\/AUDI\/SKODA i\u00e7in<\/p>\n<p class=\"detail-desc-decorate-content\" style=\"font-family: OpenSans; font-size: 14px; font-weight: 300; line-height: 20px; white-space: pre-wrap; color: #000000; margin-bottom: 12px;\">Onaylamam\u0131z i\u00e7in merkezi kontrol \u00fcnitesinin ve orijinal <a href=\"https:\/\/www.ullgo.com\/tr\/for-bmw-e39-e53-x5-e60-e61-car-audio-aux-input-cable\/\"  data-wpil-monitor-id=\"102\">ara\u00e7 CD g\u00fc\u00e7 kablosunun<\/a> foto\u011fraflar\u0131n\u0131 g\u00f6nderebilirsiniz.<br \/>\nAudi A3 2016-2019 i\u00e7in<br \/>\nAudi Q7 2017-2018 i\u00e7in<br \/>\nAudi A4L 2017-2019 i\u00e7in<br \/>\nSkoda Superb 2017-2018 i\u00e7in<br \/>\nSkoda Octavia i\u00e7in<br \/>\nSkoda Octavia Wagen i\u00e7in<br \/>\nVolkswagen Sharan 2017-2020 i\u00e7in<br \/>\nVolkswagen Passat 2016-2018 i\u00e7in<br \/>\nVolkswagen Sagitar 2016-2018 i\u00e7in<br \/>\nVolkswagen C-TRAK 2017-2020 i\u00e7in<br \/>\nVolkswagen Lavida Plus 2018-2020 i\u00e7in<br \/>\nVolkswagen Lavida 2018-2020 i\u00e7in<br \/>\nVolkswagen Touareg 2018-2020 i\u00e7in<br \/>\nVolkswagen Tiguan L 2017-2019 i\u00e7in<br \/>\nVolkswagen Touran L 2016-2017 i\u00e7in<br \/>\nVolkswagen Touran 2018-2020 i\u00e7in<br \/>\nVolkswagen Teramont 2017 i\u00e7in<\/p>\n<p>Audi A5 2017-2018 i\u00e7in<br \/>\nAudi Q3 2019 i\u00e7in<br \/>\nAudi Q2L 2017-2018 i\u00e7in<br \/>\nAudi Q5L 2017-2018 i\u00e7in<br \/>\nSkoda Superb 2019 i\u00e7in<br \/>\nSkoda Karoq 2017-2019 i\u00e7in<br \/>\nSkoda Kamiq 2017-2019 i\u00e7in<br \/>\nSkoda Kodiaq 2017-2019 i\u00e7in<br \/>\nVolkswagen Bora 2019-2021 i\u00e7in<br \/>\nVolkswagen Tharu 2019-2021 i\u00e7in<br \/>\nVolkswagen Tayron 2019-2021 i\u00e7in<br \/>\nVolkswagen Passat 2015-2021 i\u00e7in<br \/>\nVolkswagen Sagitar 2019-2021 i\u00e7in<br \/>\nVolkswagen T-Cross 2018-2019 i\u00e7in<br \/>\nVolkswagen Jetta VS7 2018-2020 i\u00e7in<br \/>\nVolkswagen Jetta VS5 2018-2020 i\u00e7in<\/p>\n<\/div>\n<div class=\"detailmodule_image\"><img decoding=\"async\" class=\"detail-desc-decorate-image\" src=\"http:\/\/ullgo.com\/wp-content\/uploads\/aliexpress_images\/S1f333db700db4c508044e0f43b90045ca.jpg\" \/><\/div>\n<div class=\"detailmodule_text\">\n<p class=\"detail-desc-decorate-title\" style=\"font-family: OpenSans; font-size: 20px; font-weight: 900; line-height: 28px; white-space: pre-wrap; color: #000000; margin-bottom: 12px;\">L\u00fctfen a\u015fa\u011f\u0131daki modellerin uyumlu olmad\u0131\u011f\u0131n\u0131 unutmay\u0131n<\/p>\n<p class=\"detail-desc-decorate-content\" style=\"font-family: OpenSans; font-size: 14px; font-weight: 300; line-height: 20px; white-space: pre-wrap; color: #000000; margin-bottom: 12px;\">1. 2015 \u00f6ncesi herhangi bir araca uymaz.<br \/>\n2. Q3, A5, Q5 ve A1 2021 yeni MIB ara\u00e7 bilgi-e\u011flence sistemine uymaz. <a href=\"https:\/\/www.ullgo.com\/tr\/universal-car-radio-stereo-amplifier-dsp-extension-cable-wiring-harness\/\"  data-wpil-monitor-id=\"133\">ara\u00e7 radyosu<\/a> vb.<br \/>\n3. A3 8V Sportback MJ 2016 Europa ile \u00e7al\u0131\u015fmaz. 2015 modellerinin baz\u0131lar\u0131nda \u00e7al\u0131\u015f\u0131r ve belirli durumlarda kodlama i\u015flemi gerekebilir.<br \/>\n4. Audi A3 2020\/2021 ve VW Golf 8 2020\/2021 ile \u00e7al\u0131\u015fmaz.<br \/>\n5. Q2 2017+ modellerinde baz\u0131 b\u00f6lgelerde iyi \u00e7al\u0131\u015fmaz.<br \/>\n6. Herhangi bir Audi A5 veya A7 ile iyi \u00e7al\u0131\u015fmaz. \u00d6rne\u011fin, ilk kez geri vitese tak\u0131ld\u0131\u011f\u0131nda \u00e7al\u0131\u015fmaz, iki kez geri vites i\u015flemi gerektirir, ard\u0131ndan geri g\u00f6r\u00fc\u015f g\u00f6r\u00fcnt\u00fcs\u00fcn\u00fc iyi g\u00f6sterir.<br \/>\n7. Touran 2015+ ile \u00e7al\u0131\u015fmaz.<br \/>\n8. Baz\u0131 A3 2015 modelleriyle \u00e7al\u0131\u015fmaz.<br \/>\n9. Yeni MLB Platformu tabanl\u0131 A6L, A7, A8 veya Q8 ile \u00e7al\u0131\u015fmaz.<br \/>\n10. Herhangi bir S3 ile \u00e7al\u0131\u015fmaz.<\/p>\n<\/div>\n<div class=\"detailmodule_text-image\">\n<p class=\"detail-desc-decorate-title\" style=\"font-family: OpenSans; font-size: 20px; font-weight: 900; line-height: 28px; white-space: pre-wrap; color: #000000; margin-bottom: 12px;\">Tak ve \u00c7al\u0131\u015ft\u0131r i\u015flevi \u2013 kod \u00e7\u00f6zmeye gerek yoktur<\/p>\n<p class=\"detail-desc-decorate-content\" style=\"font-family: OpenSans; font-size: 14px; font-weight: 300; line-height: 20px; white-space: pre-wrap; color: #000000; margin-bottom: 12px;\">Geri g\u00f6r\u00fc\u015f ekran\u0131 i\u00e7in kod \u00e7\u00f6zmeye gerek yoktur, orijinal ara\u00e7 kablolamas\u0131na zarar vermez ve standart garantiyi etkilemez.<\/p>\n<div><img decoding=\"async\" class=\"detail-desc-decorate-image\" src=\"http:\/\/ullgo.com\/wp-content\/uploads\/aliexpress_images\/Sb6e9952f15c44c19984fbe82b4c49600D.jpg\" \/><\/div>\n<\/div>\n<div class=\"detailmodule_text-image\">\n<p class=\"detail-desc-decorate-title\" style=\"font-family: OpenSans; font-size: 20px; font-weight: 900; line-height: 28px; white-space: pre-wrap; color: #000000; margin-bottom: 12px;\">Kurulum sonras\u0131 \u2013 Volkswagen\/Audi orijinal ara\u00e7 ekran\u0131yla m\u00fckemmel uyumluluk<\/p>\n<p class=\"detail-desc-decorate-content\" style=\"font-family: OpenSans; font-size: 14px; font-weight: 300; line-height: 20px; white-space: pre-wrap; color: #000000; margin-bottom: 12px;\">Bu kameran\u0131n y\u00fcksek kaliteli g\u00f6r\u00fcnt\u00fcleri orijinal ekranla e\u015fle\u015fir ve dinamik geri vites izleri sa\u011flayarak kesintisiz bir s\u00fcr\u00fc\u015f deneyimi sunar.<br \/>\nYaln\u0131zca ara\u00e7 \u00fcretildi\u011finde mevcut olan OEM kablo demeti ve OEM monit\u00f6r\u00fc destekler.<\/p>\n<div><img decoding=\"async\" class=\"detail-desc-decorate-image\" src=\"http:\/\/ullgo.com\/wp-content\/uploads\/aliexpress_images\/S174b6d24f34441439a0d91df9b9d0b25L.jpg\" \/><\/div>\n<\/div>\n<div class=\"detailmodule_text-image\">\n<p class=\"detail-desc-decorate-title\" style=\"font-family: OpenSans; font-size: 20px; font-weight: 900; line-height: 28px; white-space: pre-wrap; color: #000000; margin-bottom: 12px;\">Ara\u00e7 tutamak pozisyonu kar\u015f\u0131la\u015ft\u0131rma \u015femas\u0131 \u2013 kurulum \u00f6ncesi ve sonras\u0131<\/p>\n<div><img decoding=\"async\" class=\"detail-desc-decorate-image\" src=\"http:\/\/ullgo.com\/wp-content\/uploads\/aliexpress_images\/S5becab1a02f74f338174f92694dc4a6bE.jpg\" \/><\/div>\n<\/div>\n<div class=\"detailmodule_text-image\">\n<p class=\"detail-desc-decorate-title\" style=\"font-family: OpenSans; font-size: 20px; font-weight: 900; line-height: 28px; white-space: pre-wrap; color: #000000; margin-bottom: 12px;\">Kamera se\u00e7enekleri A, B, C, D, E, F aras\u0131ndaki fark<\/p>\n<p class=\"detail-desc-decorate-content\" style=\"font-family: OpenSans; font-size: 14px; font-weight: 300; line-height: 20px; white-space: pre-wrap; color: #000000; margin-bottom: 12px;\">Ara\u00e7 tutamak boyutuna ve CD g\u00fc\u00e7 kablosuna g\u00f6re ilgili se\u00e7ene\u011fi se\u00e7ebilirsiniz.<\/p>\n<p>Tip A MQB kablosu+48.5*110mm, 280 Monit\u00f6r MQB Platformuna sahip a\u015fa\u011f\u0131daki ara\u00e7lar i\u00e7indir,<br \/>\n\u00f6rne\u011fin Skoda Superb 2017-2018, Octavia, Octavia Wagen vb.<br \/>\nLavida PLUS, Tiguan L 2017, Teramont 2017, C-TREK 2017, Touran L 2016-2017 vb.<br \/>\nAudi A4L 2017-2018, Audi A3 8V 2017, Audi A3 2019 vb.<\/p>\n<p>Tip B MQB kablosu+44*111mm, 280 Monit\u00f6r MQB Platformuna sahip a\u015fa\u011f\u0131daki ara\u00e7lar i\u00e7indir:<br \/>\n\u00d6rne\u011fin Bora, TAYRON, Sagitar, Tharu, T-CLRSS, Jetta VS5 vb.<br \/>\nAudi A3 2017 4, Audi Q5L 2019, Audi Q2L, Audi Q3, Audi A5 vb.<\/p>\n<p>Tip C MQB kablosu+49.8*112mm, a\u015fa\u011f\u0131daki ara\u00e7lar i\u00e7indir<br \/>\nAudi A3 2017<br \/>\nAudi A5 F5 2018<br \/>\nAudi Q2 2019<br \/>\nAudi A3 8V 2015+ (MQB Platformu)<br \/>\nAudi Q7 2017 2019 vb.<\/p>\n<p>Tip D PQ kablosu+49.8*112mm, a\u015fa\u011f\u0131daki ara\u00e7lar i\u00e7indir, 187B Monit\u00f6r PQ Platformu<br \/>\n\u00d6rne\u011fin Eski Sagitar, Eski Passat vb.<\/p>\n<p>Tip E MQB kablosu+92*35mm, a\u015fa\u011f\u0131daki ara\u00e7lar i\u00e7indir<br \/>\nAvrupa\u2019daki baz\u0131 Skoda 2017+ modelleri<\/p>\n<p>Tip F MQB kablosu+44*111mm (Orijinal Ara\u00e7 Su P\u00fcsk\u00fcrtme Fonksiyonu), a\u015fa\u011f\u0131daki ara\u00e7lar i\u00e7indir (Orijinal Ara\u00e7 Su P\u00fcsk\u00fcrtme Fonksiyonu), boyutu B kameras\u0131yla ayn\u0131d\u0131r<br \/>\nAudi Q2 2017 2018, Q3 2019<br \/>\nSkoda Kodiaq 2017 2018, Karoq 2018<br \/>\nBaz\u0131 Volkswagen 2019+ modelleri<\/p>\n<div><img decoding=\"async\" class=\"detail-desc-decorate-image\" src=\"http:\/\/ullgo.com\/wp-content\/uploads\/aliexpress_images\/S8149cf85c2f04a3785aba1faae0a58bcX.jpg\" \/><\/div>\n<\/div>\n<div class=\"detailmodule_text\">\n<p class=\"detail-desc-decorate-content\" style=\"font-family: OpenSans; font-size: 14px; font-weight: 300; line-height: 20px; white-space: pre-wrap; color: #000000; margin-bottom: 12px;\">280 Monit\u00f6r MQB platformu i\u00e7in<br \/>\n187 Monit\u00f6r PQ platformu i\u00e7in, \u00f6rne\u011fin eski Sagitar, eski Passat..<\/p>\n<\/div>\n<div class=\"detailmodule_image\"><img decoding=\"async\" class=\"detail-desc-decorate-image\" src=\"http:\/\/ullgo.com\/wp-content\/uploads\/aliexpress_images\/S0552292292a445b789b23927ae31506as.png\" \/><\/div>\n<div class=\"detailmodule_text-image\">\n<p class=\"detail-desc-decorate-title\" style=\"font-family: OpenSans; font-size: 20px; font-weight: 900; line-height: 28px; white-space: pre-wrap; color: #000000; margin-bottom: 12px;\">Y\u00fcksek su ge\u00e7irmezlik performans\u0131 IP68<\/p>\n<p class=\"detail-desc-decorate-content\" style=\"font-family: OpenSans; font-size: 14px; font-weight: 300; line-height: 20px; white-space: pre-wrap; color: #000000; margin-bottom: 12px;\">Teknik \u00d6zellikler:<br \/>\nG\u00fc\u00e7 kayna\u011f\u0131: DC 12V Su ge\u00e7irmezlik derecesi IP67 \/ 68<br \/>\nPiksel: 656(Y) * 492(D)<br \/>\n\u00c7al\u0131\u015fma s\u0131cakl\u0131\u011f\u0131 -20 \u00b0C ~ +75 \u00b0C, RH95% MAX<br \/>\nDepolama s\u0131cakl\u0131\u011f\u0131 -40 \u00b0C ila 85 \u00b0C, RH 95% MAX<br \/>\nTV sistemi NTSC<br \/>\nI\u015f\u0131k alg\u0131lama alan\u0131 3,584mm * 2,688mm<br \/>\nLens a\u00e7\u0131s\u0131: Yatay: 135\u00b0 \/ \u00c7apraz: 170\u00b0<\/p>\n<div><img decoding=\"async\" class=\"detail-desc-decorate-image\" src=\"http:\/\/ullgo.com\/wp-content\/uploads\/aliexpress_images\/S2bc238c65df44d2db05c15e214dd6b6cC.jpg\" \/><\/div>\n<\/div>\n<div class=\"detailmodule_text-image\">\n<p class=\"detail-desc-decorate-title\" style=\"font-family: OpenSans; font-size: 20px; font-weight: 900; line-height: 28px; white-space: pre-wrap; color: #000000; margin-bottom: 12px;\">170\u00b0 geni\u015f a\u00e7\u0131, m\u00fckemmel g\u00f6r\u00fc\u015f sa\u011flar<\/p>\n<div><img decoding=\"async\" class=\"detail-desc-decorate-image\" src=\"http:\/\/ullgo.com\/wp-content\/uploads\/aliexpress_images\/S46cf0a143ead47bbbb6c29f3e8ce13f3b.jpg\" \/><\/div>\n<\/div>\n<div class=\"detailmodule_text-image\">\n<p class=\"detail-desc-decorate-title\" style=\"font-family: OpenSans; font-size: 20px; font-weight: 900; line-height: 28px; white-space: pre-wrap; color: #000000; margin-bottom: 12px;\">Daha y\u00fcksek kalite ve daha uygun maliyetli kameralar sunuyoruz.<\/p>\n<p class=\"detail-desc-decorate-content\" style=\"font-family: OpenSans; font-size: 14px; font-weight: 300; line-height: 20px; white-space: pre-wrap; color: #000000; margin-bottom: 12px;\">Kamera g\u00f6r\u00fcnt\u00fcs\u00fc daha net g\u00f6r\u00fcnt\u00fclenir ve daha sorunsuz \u00e7al\u0131\u015f\u0131r.<\/p>\n<div><img decoding=\"async\" class=\"detail-desc-decorate-image\" src=\"http:\/\/ullgo.com\/wp-content\/uploads\/aliexpress_images\/S0d7e4456299a46b68aad683f89b9fc99g.jpg\" \/><\/div>\n<\/div>","protected":false},"excerpt":{"rendered":"<p>Reverse Camera for VW\/Octavia\/Tiguan\/Audi with Dynamic Trajectory Parking Waterproof &gt;&gt;&gt;This is a cutting-edge product designed for Volkswagen, Skoda, and Audi systems that are built on the MQB Platform (new model) or PQ Platform (old model) from 2016 onwards. \uff08Pls note that It works for original car screen, not for any after-market car radio.\uff09 &gt;&gt;&gt;In terms [&#8230;]\n","protected":false},"featured_media":14764,"comment_status":"open","ping_status":"closed","template":"","meta":{"_seopress_titles_title":"","_seopress_titles_desc":"","_seopress_robots_index":"","_seopress_robots_follow":"","_seopress_robots_imageindex":"","_seopress_robots_snippet":"","_seopress_robots_primary_cat":"0","_seopress_robots_breadcrumbs":"","_seopress_robots_freeze_modified_date":"","_seopress_robots_custom_modified_date":"","_seopress_robots_canonical":"","_seopress_social_fb_title":"","_seopress_social_fb_desc":"","_seopress_social_fb_img":"","_seopress_social_fb_img_attachment_id":0,"_seopress_social_fb_img_width":0,"_seopress_social_fb_img_height":0,"_seopress_social_twitter_title":"","_seopress_social_twitter_desc":"","_seopress_social_twitter_img":"","_seopress_social_twitter_img_attachment_id":0,"_seopress_social_twitter_img_width":0,"_seopress_social_twitter_img_height":0,"_seopress_redirections_value":"","_seopress_redirections_enabled":"","_seopress_redirections_enabled_regex":"","_seopress_redirections_logged_status":"","_seopress_redirections_param":"","_seopress_redirections_type":0,"_seopress_analysis_target_kw":"","_seopress_news_disabled":"","_seopress_video_disabled":"","_seopress_video":[],"_seopress_pro_schemas_manual":[],"_seopress_pro_rich_snippets_disable_all":"","_seopress_pro_rich_snippets_disable":[],"_seopress_pro_schemas":[]},"product_brand":[],"product_cat":[62],"product_tag":[],"class_list":["post-9247","product","type-product","status-publish","has-post-thumbnail","product_cat-backup-cameras","first","instock","shipping-taxable","purchasable","product-type-variable"],"group_of_quantity":0,"min_quantity":0,"max_quantity":"","exclude_order_quantity_value_rules":"no","exclude_category_quantity_rules":"no","combine_variations":"no","_links":{"self":[{"href":"https:\/\/www.ullgo.com\/tr\/wp-json\/wp\/v2\/product\/9247","targetHints":{"allow":["GET"]}}],"collection":[{"href":"https:\/\/www.ullgo.com\/tr\/wp-json\/wp\/v2\/product"}],"about":[{"href":"https:\/\/www.ullgo.com\/tr\/wp-json\/wp\/v2\/types\/product"}],"replies":[{"embeddable":true,"href":"https:\/\/www.ullgo.com\/tr\/wp-json\/wp\/v2\/comments?post=9247"}],"wp:featuredmedia":[{"embeddable":true,"href":"https:\/\/www.ullgo.com\/tr\/wp-json\/wp\/v2\/media\/14764"}],"wp:attachment":[{"href":"https:\/\/www.ullgo.com\/tr\/wp-json\/wp\/v2\/media?parent=9247"}],"wp:term":[{"taxonomy":"product_brand","embeddable":true,"href":"https:\/\/www.ullgo.com\/tr\/wp-json\/wp\/v2\/product_brand?post=9247"},{"taxonomy":"product_cat","embeddable":true,"href":"https:\/\/www.ullgo.com\/tr\/wp-json\/wp\/v2\/product_cat?post=9247"},{"taxonomy":"product_tag","embeddable":true,"href":"https:\/\/www.ullgo.com\/tr\/wp-json\/wp\/v2\/product_tag?post=9247"}],"curies":[{"name":"wp","href":"https:\/\/api.w.org\/{rel}","templated":true}]}}